{"id":28,"date":"2016-03-18T13:10:16","date_gmt":"2016-03-18T12:10:16","guid":{"rendered":"http:\/\/amicalelaiquelaferte.fr\/?page_id=28"},"modified":"2020-07-10T11:48:00","modified_gmt":"2020-07-10T10:48:00","slug":"nous-contactez","status":"publish","type":"page","link":"https:\/\/amicalelaiquelaferte.fr\/index.php\/nous-contactez\/","title":{"rendered":"Contact"},"content":{"rendered":"<h4><span style=\"text-decoration: underline;\"><strong>Inscriptions centre de loisirs<\/strong><\/span><\/h4>\n<p>Aupr\u00e8s de la directrice :<\/p>\n<p><strong>Se munir du carnet de sant\u00e9 de l&rsquo;enfant et des trois derniers bulletins de salaire de la famille.<\/strong><\/p>\n<p><span style=\"text-decoration: underline;\"><strong>Renseignements<\/strong><\/span><\/p>\n<p><strong>01 60 22 72 21<\/strong>\u00a0(ligne directe du centre de loisirs)<\/p>\n<p>email : accueil.loisirs@sfr.fr<\/p>\n<h4><span style=\"text-decoration: underline;\"><strong>Secr\u00e9tariat de l&rsquo;Amicale La\u00efque<\/strong><\/span><\/h4>\n<p><strong>01 60 22 21 03 <\/strong>(r\u00e9pondeur)<\/p>\n<p>ouverture du secr\u00e9tariat<\/p>\n<ul>\n<li>lundi, mardi de 09h00 \u00e0 15h00<\/li>\n<li>Mercredi de 10h00 \u00e0 18h00<\/li>\n<\/ul>\n<p>email : al.fsj@sfr.fr<\/p>\n<h6>\u00a0<\/h6>\n<h6 style=\"text-align: center;\">ASSOCIATION DES ANCIENS ELEVES ET DES AMIS DE L&rsquo;ECOLE LA\u00cfQUE<\/h6>\n<h6 style=\"text-align: center;\">(dite AMICALE LA\u00cfQUE)<\/h6>\n<h6 style=\"text-align: center;\">59 rue Pierre Marx<\/h6>\n<h6 style=\"text-align: center;\">77260 La Fert\u00e9 sous Jouarre<\/h6>\n<h6 style=\"text-align: center;\">N\u00b0 SIRET 784 938 011 00011 &#8211; APE 9499Z<\/h6>\n<h6 style=\"text-align: center;\">Association loi 1901<\/h6>\n<h6 style=\"text-align: center;\">Agr\u00e9\u00e9e pr\u00e9fecture n\u00b0 W771000721<\/h6>\n<h6 style=\"text-align: center;\">Agr\u00e9\u00e9e CAF<\/h6>\n<h6 style=\"text-align: center;\"><em>Accueil de Loisirs agr\u00e9\u00e9 Jeunesse et Education Populaire n\u00b0 77 04 411<\/em><\/h6>\n<h6 style=\"text-align: center;\"><em>Photos \u00a9 Amicale La\u00efque et Club Photo (sauf mention contraire)<\/em><\/h6>\n<h6 style=\"text-align: center;\">Association affili\u00e9e FRANCAS &#8211; LIGUE DE L&rsquo;ENSEIGNEMENT<\/h6>\n<h6 style=\"text-align: center;\">Convention d&rsquo;amiti\u00e9 avec LA LIBRE PENSEE<\/h6>\n<p><img loading=\"lazy\" decoding=\"async\" data-attachment-id=\"82\" data-permalink=\"https:\/\/amicalelaiquelaferte.fr\/index.php\/nous-contactez\/logo-amicale3\/\" data-orig-file=\"https:\/\/i0.wp.com\/amicalelaiquelaferte.fr\/wp-content\/uploads\/2016\/03\/Logo-Amicale3.jpg?fit=450%2C450&amp;ssl=1\" data-orig-size=\"450,450\" data-comments-opened=\"0\" data-image-meta=\"{&quot;aperture&quot;:&quot;0&quot;,&quot;credit&quot;:&quot;&quot;,&quot;camera&quot;:&quot;&quot;,&quot;caption&quot;:&quot;&quot;,&quot;created_timestamp&quot;:&quot;0&quot;,&quot;copyright&quot;:&quot;&quot;,&quot;focal_length&quot;:&quot;0&quot;,&quot;iso&quot;:&quot;0&quot;,&quot;shutter_speed&quot;:&quot;0&quot;,&quot;title&quot;:&quot;&quot;,&quot;orientation&quot;:&quot;1&quot;}\" data-image-title=\"Logo Amicale3\" data-image-description=\"\" data-image-caption=\"\" data-medium-file=\"https:\/\/i0.wp.com\/amicalelaiquelaferte.fr\/wp-content\/uploads\/2016\/03\/Logo-Amicale3.jpg?fit=300%2C300&amp;ssl=1\" data-large-file=\"https:\/\/i0.wp.com\/amicalelaiquelaferte.fr\/wp-content\/uploads\/2016\/03\/Logo-Amicale3.jpg?fit=450%2C450&amp;ssl=1\" class=\" wp-image-82 aligncenter\" src=\"https:\/\/i0.wp.com\/amicalelaiquelaferte.fr\/wp-content\/uploads\/2016\/03\/Logo-Amicale3.jpg?resize=200%2C200&#038;ssl=1\" alt=\"\" width=\"200\" height=\"200\" srcset=\"https:\/\/i0.wp.com\/amicalelaiquelaferte.fr\/wp-content\/uploads\/2016\/03\/Logo-Amicale3.jpg?resize=300%2C300&amp;ssl=1 300w, https:\/\/i0.wp.com\/amicalelaiquelaferte.fr\/wp-content\/uploads\/2016\/03\/Logo-Amicale3.jpg?resize=150%2C150&amp;ssl=1 150w, https:\/\/i0.wp.com\/amicalelaiquelaferte.fr\/wp-content\/uploads\/2016\/03\/Logo-Amicale3.jpg?w=450&amp;ssl=1 450w\" sizes=\"auto, (max-width: 200px) 100vw, 200px\" data-recalc-dims=\"1\" \/><\/p>\n\n\n<p><\/p>\n","protected":false},"excerpt":{"rendered":"<p>Inscriptions centre de loisirs Aupr\u00e8s de la directrice : Se munir du carnet de sant\u00e9 de l&rsquo;enfant et des trois<\/p>\n","protected":false},"author":1,"featured_media":0,"parent":0,"menu_order":0,"comment_status":"closed","ping_status":"closed","template":"","meta":{"jetpack_post_was_ever_published":false,"footnotes":""},"class_list":["post-28","page","type-page","status-publish","hentry"],"jetpack_sharing_enabled":true,"jetpack_shortlink":"https:\/\/wp.me\/P7n7NQ-s","jetpack-related-posts":[{"id":452,"url":"https:\/\/amicalelaiquelaferte.fr\/index.php\/les-accueils-de-loisirs\/","url_meta":{"origin":28,"position":0},"title":"Les accueils de loisirs","author":"Amicale","date":"17 mai 2018","format":false,"excerpt":"L'ACCUEIL DE LOISIRS (ALSH) accueille vos enfants \u00e0 partir de 3 ans dans un parc bois\u00e9 et entour\u00e9 de murs tous les mercredis et pendant : les vacances d'hiver les vacances de printemps les vacances d'\u00e9t\u00e9 (juillet et ao\u00fbt) les vacances de toussaint Service de cantine Service de garderie \u00e0\u2026","rel":"","context":"Article similaire","block_context":{"text":"Article similaire","link":""},"img":{"alt_text":"","src":"https:\/\/i0.wp.com\/amicalelaiquelaferte.fr\/wp-content\/uploads\/2021\/02\/meli-melo-clsh.jpg?resize=350%2C200&ssl=1","width":350,"height":200},"classes":[]},{"id":196,"url":"https:\/\/amicalelaiquelaferte.fr\/index.php\/histoire-de-lamicale\/","url_meta":{"origin":28,"position":1},"title":"Histoire de l&rsquo;Amicale La\u00efque","author":"Amicale","date":"30 mars 2016","format":false,"excerpt":"Monsieur Augustin DUBURCQ d\u00e9c\u00e8de le 5 ao\u00fbt 1930. Par testament, il l\u00e8gue \u00e0 la ville de La Fert\u00e9 sous Jouarre la plus grande partie de sa fortune , en particulier deux immeubles \u00e0 Paris dont les revenus seront s\u00e9par\u00e9s du budget communal et devront \u00eatre destin\u00e9s aux oeuvres post-scolaires des\u2026","rel":"","context":"Article similaire","block_context":{"text":"Article similaire","link":""},"img":{"alt_text":"","src":"https:\/\/i0.wp.com\/amicalelaiquelaferte.fr\/wp-content\/uploads\/2019\/05\/Les-Pr\u00c3\u00a9sidents-212x300.jpg?resize=350%2C200","width":350,"height":200},"classes":[]},{"id":633,"url":"https:\/\/amicalelaiquelaferte.fr\/index.php\/archives-en-photos\/","url_meta":{"origin":28,"position":2},"title":"Archives en photos","author":"Amicale","date":"14 mai 2019","format":false,"excerpt":"1789 - 1989 Bicentenaire de la R\u00e9volution \u00a0 \u00a0 \u00a0Cliquer sur le liens\u00a0 ci-dessous Participants 1789\u00a0 Photos du spectacle \u00a0 \u00a0 \u00a0 \u00a0 \u00a0 \u00a0 \u00a0 \u00a0 \u00a0 \u00a0 \u00a0 \u00a0 \u00a0 1933 - 2008 Soixante quinze ans de l'Amicale La\u00efque \u00a0 1933 - 2008 : 75 ans Amicale La\u00efque\u00a0\u00a0\u00a0\u00a0\u2026","rel":"","context":"Article similaire","block_context":{"text":"Article similaire","link":""},"img":{"alt_text":"","src":"https:\/\/i0.wp.com\/amicalelaiquelaferte.fr\/wp-content\/uploads\/2020\/12\/Expos-de-1999-a-2007-en-corrige.jpg?resize=350%2C200&ssl=1","width":350,"height":200},"classes":[]},{"id":75,"url":"https:\/\/amicalelaiquelaferte.fr\/index.php\/conseil-dadministration\/","url_meta":{"origin":28,"position":3},"title":"l&rsquo;Association","author":"Amicale","date":"18 mars 2016","format":false,"excerpt":"Les membres du bureau : Pr\u00e9sident : Serge LIVOTI Vice-pr\u00e9sident : Christian GUIHARD Secr\u00e9taire : Benoit NO\u00cbL Secr\u00e9taire-adjointe : Nathalie De VALS Tr\u00e9sorier : Laurent TRIBOUILLARD Tr\u00e9sorier-adjoint : Daniel DUPUIS Membres \u00e9lus du Conseil d'Administration : Charly BIBEYRON,\u00a0 Ren\u00e9 CRAPART, Nathalie DE VALS, Guillaume DIDIER, Daniel DUPUIS, Christian GUIHARD, Delphine\u2026","rel":"","context":"Article similaire","block_context":{"text":"Article similaire","link":""},"img":{"alt_text":"","src":"","width":0,"height":0},"classes":[]},{"id":51,"url":"https:\/\/amicalelaiquelaferte.fr\/index.php\/activites\/","url_meta":{"origin":28,"position":4},"title":"Activit\u00e9s","author":"Amicale","date":"18 mars 2016","format":false,"excerpt":"Gr\u00e2ce au Legs DUBURCQ, L'Amicale La\u00efque propose tout au long de l'ann\u00e9e diff\u00e9rentes activit\u00e9s pour tous les \u00e2ges. \u00a0 La Mascarade : (cr\u00e9\u00e9e en 1964) Bal des enfants d\u00e9guis\u00e9s avec spectacle - Go\u00fbter - D\u00e9fil\u00e9 - Bataille de confettis. Les Exp\u00e9riences scientifiques : Utilisation, explications et compr\u00e9hension, pour les enfants\u2026","rel":"","context":"Article similaire","block_context":{"text":"Article similaire","link":""},"img":{"alt_text":"","src":"","width":0,"height":0},"classes":[]},{"id":43,"url":"https:\/\/amicalelaiquelaferte.fr\/index.php\/les-clubs\/","url_meta":{"origin":28,"position":5},"title":"Les clubs","author":"Amicale","date":"18 mars 2016","format":false,"excerpt":"L'amicale La\u00efque propose diff\u00e9rentes activit\u00e9s : Club Mod\u00e9lisme : \"Model Club Fertois Jacques Guerbette\" A partir de 14 ans Responsable Ren\u00e9 Crapart Mardi 18h00 \u00e0 20h00, samedi 15h00 \u00e0 19h00 Contact : 06.04.44.12.66 (cr\u00e9ation 1966) Histoire du club MODELISME - cliquer sur ce lien Club Poterie\u00a0 Responsables Martine Gorbaty Mardi\u2026","rel":"","context":"Article similaire","block_context":{"text":"Article similaire","link":""},"img":{"alt_text":"","src":"","width":0,"height":0},"classes":[]}],"_links":{"self":[{"href":"https:\/\/amicalelaiquelaferte.fr\/index.php\/wp-json\/wp\/v2\/pages\/28","targetHints":{"allow":["GET"]}}],"collection":[{"href":"https:\/\/amicalelaiquelaferte.fr\/index.php\/wp-json\/wp\/v2\/pages"}],"about":[{"href":"https:\/\/amicalelaiquelaferte.fr\/index.php\/wp-json\/wp\/v2\/types\/page"}],"author":[{"embeddable":true,"href":"https:\/\/amicalelaiquelaferte.fr\/index.php\/wp-json\/wp\/v2\/users\/1"}],"replies":[{"embeddable":true,"href":"https:\/\/amicalelaiquelaferte.fr\/index.php\/wp-json\/wp\/v2\/comments?post=28"}],"version-history":[{"count":12,"href":"https:\/\/amicalelaiquelaferte.fr\/index.php\/wp-json\/wp\/v2\/pages\/28\/revisions"}],"predecessor-version":[{"id":1574,"href":"https:\/\/amicalelaiquelaferte.fr\/index.php\/wp-json\/wp\/v2\/pages\/28\/revisions\/1574"}],"wp:attachment":[{"href":"https:\/\/amicalelaiquelaferte.fr\/index.php\/wp-json\/wp\/v2\/media?parent=28"}],"curies":[{"name":"wp","href":"https:\/\/api.w.org\/{rel}","templated":true}]}}