{"id":75,"date":"2016-03-18T19:45:45","date_gmt":"2016-03-18T18:45:45","guid":{"rendered":"http:\/\/amicalelaiquelaferte.fr\/?page_id=75"},"modified":"2023-02-13T11:34:17","modified_gmt":"2023-02-13T10:34:17","slug":"conseil-dadministration","status":"publish","type":"page","link":"https:\/\/amicalelaiquelaferte.fr\/index.php\/conseil-dadministration\/","title":{"rendered":"l&rsquo;Association"},"content":{"rendered":"<p><strong><span style=\"text-decoration: underline;\">Les membres du bureau :<\/span><\/strong><\/p>\n<p>Pr\u00e9sident : Serge LIVOTI<\/p>\n<p>Vice-pr\u00e9sident : Christian GUIHARD<\/p>\n<p>Secr\u00e9taire : Benoit NO\u00cbL<\/p>\n<p>Secr\u00e9taire-adjointe : Nathalie De VALS<\/p>\n<p>Tr\u00e9sorier : Laurent TRIBOUILLARD<\/p>\n<p>Tr\u00e9sorier-adjoint : Daniel DUPUIS<\/p>\n<p><span style=\"text-decoration: underline;\"><strong>Membres \u00e9lus du Conseil d&rsquo;Administration :<\/strong><\/span><\/p>\n<p>Charly BIBEYRON,\u00a0 Ren\u00e9 CRAPART, Nathalie DE VALS, Guillaume DIDIER, Daniel DUPUIS, Christian GUIHARD, Delphine GUIHARD, Claude LEFRANC, Nicole LIVOTI, Serge LIVOTI, Vincent LIVOTI,\u00a0 William MORTER, Beno\u00eet NOEL, Nicolas ROBELIN, Christian ROBQUIN, R\u00e9gine TASSET, Dominique THOMAS, Laurent TRIBOUILLARD.<\/p>\n<p><span style=\"text-decoration: underline;\"><strong>Membres de droit :<\/strong><\/span><\/p>\n<ul>\n<li>3 membres nomm\u00e9s du Conseil Municipal<\/li>\n<li>Cheffes et chefs des Etablissements Scolaires Publics de la ville<\/li>\n<\/ul>\n<p><span style=\"text-decoration: underline;\"><strong>Membres de la Commission de contr\u00f4le des comptes :<\/strong><\/span><\/p>\n<ul>\n<li>Monsieur PIDOUX, Expert comptable, commissaire aux comptes<\/li>\n<li>Madame Fran\u00e7oise LEFRANC<\/li>\n<\/ul>\n<p><span style=\"text-decoration: underline;\"><strong>Membres de l&rsquo;Amicale nomm\u00e9s \u00e0 la commission municipale du legs :<\/strong><\/span><\/p>\n<p>Serge Livoti, Benoit No\u00ebl<\/p>\n<h3><\/h3>\n<h3><\/h3>\n<h3 style=\"text-align: center;\"><b>STATUTS\u00a0<\/b><\/h3>\n<p style=\"text-align: center;\">Adopt\u00e9s par l\u2019Assembl\u00e9e G\u00e9n\u00e9rale Extraordinaire du 8 mai 1977<\/p>\n<p style=\"text-align: center;\">Modifi\u00e9s par l\u2019Assembl\u00e9e G\u00e9n\u00e9rale Extraordinaire du 15 novembre 1987<\/p>\n<p style=\"text-align: center;\">Modifi\u00e9s par l\u2019Assembl\u00e9e G\u00e9n\u00e9rale Extraordinaire du 13 Novembre 2009<\/p>\n<p style=\"text-align: center;\"><b>EXTRAIT\u00a0<\/b><\/p>\n<p><b>\u2026\u00a0<\/b><\/p>\n<p><b>Article 2 &#8211; BUTS\u00a0<\/b><\/p>\n<p>Cette Association a pour buts :<\/p>\n<p>&#8211; de soutenir et de d\u00e9fendre l\u2019Ecole La\u00efque et si besoin est, d\u2019engager les \u00e9ventuelles actions en justice n\u00e9cessaires \u00e0 sa d\u00e9fense, ainsi qu\u2019\u00e0 celle des oeuvres qui entrent dans son objet social.<\/p>\n<p>&#8211; d\u2019administrer l\u2019Accueil La\u00efque de Loisirs \u00ab Augustin Duburcq \u00bb<\/p>\n<p>&#8211; de soutenir l\u2019action des Coop\u00e9ratives Scolaires et des Foyers socio-\u00e9ducatifs des \u00e9tablissements publics d\u2019enseignement de la ville de La Fert\u00e9 sous Jouarre<\/p>\n<p>&#8211; d\u2019aider chaque ann\u00e9e au d\u00e9part en centre de vacances d\u2019enfants de La Fert\u00e9 sous Jouarre fr\u00e9quentant les \u00c9tablissements Publics d\u2019Enseignement<\/p>\n<p>&#8211; d\u2019organiser des f\u00eates scolaires, des manifestations et des activit\u00e9s culturelles ou r\u00e9cr\u00e9atives, des causeries ou conf\u00e9rences d\u2019int\u00e9r\u00eat g\u00e9n\u00e9ral et des s\u00e9ances audio-visuelles et multim\u00e9dias<\/p>\n<p>&#8211; de cr\u00e9er, soutenir et d\u00e9velopper toutes oeuvres post et p\u00e9ri-scolaires la\u00efques rattach\u00e9es aux \u00e9tablissements publics d\u2019enseignement de La Fert\u00e9 sous Jouarre dans le cadre de la d\u00e9fense du respect de la libert\u00e9 absolue de conscience indissociable de la la\u00efcit\u00e9 de l\u2019\u00e9cole.<\/p>\n<p><b>&#8230;<\/b><\/p>\n","protected":false},"excerpt":{"rendered":"<p>Les membres du bureau : Pr\u00e9sident : Serge LIVOTI Vice-pr\u00e9sident : Christian GUIHARD Secr\u00e9taire : Benoit NO\u00cbL Secr\u00e9taire-adjointe : Nathalie<\/p>\n","protected":false},"author":1,"featured_media":0,"parent":0,"menu_order":0,"comment_status":"closed","ping_status":"closed","template":"","meta":{"jetpack_post_was_ever_published":false,"footnotes":""},"class_list":["post-75","page","type-page","status-publish","hentry"],"jetpack_sharing_enabled":true,"jetpack_shortlink":"https:\/\/wp.me\/P7n7NQ-1d","jetpack-related-posts":[{"id":43,"url":"https:\/\/amicalelaiquelaferte.fr\/index.php\/les-clubs\/","url_meta":{"origin":75,"position":0},"title":"Les clubs","author":"Amicale","date":"18 mars 2016","format":false,"excerpt":"L'amicale La\u00efque propose diff\u00e9rentes activit\u00e9s : Club Mod\u00e9lisme : \"Model Club Fertois Jacques Guerbette\" A partir de 14 ans Responsable Ren\u00e9 Crapart Mardi 18h00 \u00e0 20h00, samedi 15h00 \u00e0 19h00 Contact : 06.04.44.12.66 (cr\u00e9ation 1966) Histoire du club MODELISME - cliquer sur ce lien Club Poterie\u00a0 Responsables Martine Gorbaty Mardi\u2026","rel":"","context":"Article similaire","block_context":{"text":"Article similaire","link":""},"img":{"alt_text":"","src":"","width":0,"height":0},"classes":[]},{"id":633,"url":"https:\/\/amicalelaiquelaferte.fr\/index.php\/archives-en-photos\/","url_meta":{"origin":75,"position":1},"title":"Archives en photos","author":"Amicale","date":"14 mai 2019","format":false,"excerpt":"1789 - 1989 Bicentenaire de la R\u00e9volution \u00a0 \u00a0 \u00a0Cliquer sur le liens\u00a0 ci-dessous Participants 1789\u00a0 Photos du spectacle \u00a0 \u00a0 \u00a0 \u00a0 \u00a0 \u00a0 \u00a0 \u00a0 \u00a0 \u00a0 \u00a0 \u00a0 \u00a0 1933 - 2008 Soixante quinze ans de l'Amicale La\u00efque \u00a0 1933 - 2008 : 75 ans Amicale La\u00efque\u00a0\u00a0\u00a0\u00a0\u2026","rel":"","context":"Article similaire","block_context":{"text":"Article similaire","link":""},"img":{"alt_text":"","src":"https:\/\/i0.wp.com\/amicalelaiquelaferte.fr\/wp-content\/uploads\/2020\/12\/Expos-de-1999-a-2007-en-corrige.jpg?resize=350%2C200&ssl=1","width":350,"height":200},"classes":[]},{"id":66,"url":"https:\/\/amicalelaiquelaferte.fr\/index.php\/histoire\/","url_meta":{"origin":75,"position":2},"title":"Augustin DUBURCQ","author":"Amicale","date":"18 mars 2016","format":false,"excerpt":"AUGUSTIN DUBURCQ\u00a0\u00a0 Qui \u00e9tait Augustin Duburcq ? Augustin Duburcq est n\u00e9 le 7 mars 1851 \u00e0 La Fert\u00e9 sous Jouarre o\u00f9 sa famille (implant\u00e9e en Seine et Marne sans doute avant 1655 \u00e0 Meilleray, puis \u00e0 Sept Sorts) vivait d\u00e9j\u00e0 en 1753. A l'\u00e9poque de sa naissance, ses grands-parents maternels\u2026","rel":"","context":"Article similaire","block_context":{"text":"Article similaire","link":""},"img":{"alt_text":"","src":"","width":0,"height":0},"classes":[]}],"_links":{"self":[{"href":"https:\/\/amicalelaiquelaferte.fr\/index.php\/wp-json\/wp\/v2\/pages\/75","targetHints":{"allow":["GET"]}}],"collection":[{"href":"https:\/\/amicalelaiquelaferte.fr\/index.php\/wp-json\/wp\/v2\/pages"}],"about":[{"href":"https:\/\/amicalelaiquelaferte.fr\/index.php\/wp-json\/wp\/v2\/types\/page"}],"author":[{"embeddable":true,"href":"https:\/\/amicalelaiquelaferte.fr\/index.php\/wp-json\/wp\/v2\/users\/1"}],"replies":[{"embeddable":true,"href":"https:\/\/amicalelaiquelaferte.fr\/index.php\/wp-json\/wp\/v2\/comments?post=75"}],"version-history":[{"count":18,"href":"https:\/\/amicalelaiquelaferte.fr\/index.php\/wp-json\/wp\/v2\/pages\/75\/revisions"}],"predecessor-version":[{"id":2635,"href":"https:\/\/amicalelaiquelaferte.fr\/index.php\/wp-json\/wp\/v2\/pages\/75\/revisions\/2635"}],"wp:attachment":[{"href":"https:\/\/amicalelaiquelaferte.fr\/index.php\/wp-json\/wp\/v2\/media?parent=75"}],"curies":[{"name":"wp","href":"https:\/\/api.w.org\/{rel}","templated":true}]}}